{"id":2110,"date":"2025-08-26T16:06:47","date_gmt":"2025-08-26T16:06:47","guid":{"rendered":"https:\/\/aroucageopark.pt\/casa-das-pedras-parideiras\/?page_id=2110"},"modified":"2025-08-26T16:07:06","modified_gmt":"2025-08-26T16:07:06","slug":"preguntas-frecuentes","status":"publish","type":"page","link":"https:\/\/aroucageopark.pt\/casa-das-pedras-parideiras\/es\/preguntas-frecuentes\/","title":{"rendered":"Preguntas frecuentes"},"content":{"rendered":"\t\t<div data-elementor-type=\"wp-page\" data-elementor-id=\"2110\" class=\"elementor elementor-2110\" data-elementor-post-type=\"page\">\n\t\t\t\t\t\t<section class=\"elementor-section elementor-top-section elementor-element elementor-element-9216c3a mb-5 elementor-section-boxed elementor-section-height-default elementor-section-height-default\" data-id=\"9216c3a\" data-element_type=\"section\">\n\t\t\t\t\t\t<div class=\"elementor-container elementor-column-gap-default\">\n\t\t\t\t\t<div class=\"elementor-column elementor-col-100 elementor-top-column elementor-element elementor-element-10510d4\" data-id=\"10510d4\" data-element_type=\"column\">\n\t\t\t<div class=\"elementor-widget-wrap elementor-element-populated\">\n\t\t\t\t\t\t<div class=\"elementor-element elementor-element-95a1e1a elementor-widget elementor-widget-arouca-acordeon\" data-id=\"95a1e1a\" data-element_type=\"widget\" data-widget_type=\"arouca-acordeon.default\">\n\t\t\t\t<div class=\"elementor-widget-container\">\n\t\t\t\t\t<div class='accordion' id='accordionParent95a1e1a'>\n<div style=\"padding: 2.5rem 0;\" class=\"border border-muted border-start-0 border-end-0\">\n\t<h2 style=\"cursor: pointer;\" class=\"text-primary title-collapsed d-flex justify-content-between fs-5 collapsed mb-0\" data-bs-toggle=\"collapse\" data-bs-target=\"#collapseaccordionItem95a1e1a0\" aria-expanded=\"true\" aria-controls=\"collapseaccordionItem95a1e1a0\">\n\t\t<span class=\"d-flex align-items-center\">\n\t\t\t\u00bfCu\u00e1les son los horarios de apertura de Casa das Pedras Parideiras?\t\t<\/span>\n\t\t<span class=\"icon-collapsed\">\n\t\t\t<i class=\"fa-solid fa-chevron-down\"><\/i>\n\t\t<\/span>\n\t<\/h2>\n\t<div id=\"collapseaccordionItem95a1e1a0\" class=\"accordion-collapse collapse\" data-bs-parent=\"#accordionArouca\">\n\t\t<div class=\"accordion-body pt-2 px-0\">\n\t\t\t<p>Casa das Pedras Parideiras acoge a los visitantes y realiza visitas guiadas de lunes a domingo de 9:30 a 12:30 y de 14:00 a 17:00 horas. La hora de las \u00faltimas visitas guiadas (para un m\u00e1ximo de 30 personas) es a las 12:00 de la ma\u00f1ana ya las 17:00 horas.<\/p><p>Cerramos el 1 de enero, Domingo de Resurrecci\u00f3n, 24 y 25 de diciembre y en la tarde del 31 de diciembre.<\/p>\t\t<\/div>\n\t<\/div>\n<\/div>\n<div style=\"padding: 2.5rem 0;\" class=\"border border-muted border-start-0 border-end-0\">\n\t<h2 style=\"cursor: pointer;\" class=\"text-primary title-collapsed d-flex justify-content-between fs-5 collapsed mb-0\" data-bs-toggle=\"collapse\" data-bs-target=\"#collapseaccordionItem95a1e1a1\" aria-expanded=\"true\" aria-controls=\"collapseaccordionItem95a1e1a1\">\n\t\t<span class=\"d-flex align-items-center\">\n\t\t\t\u00bfNecesita una cita para visitar las piedras de Parideiras?\t\t<\/span>\n\t\t<span class=\"icon-collapsed\">\n\t\t\t<i class=\"fa-solid fa-chevron-down\"><\/i>\n\t\t<\/span>\n\t<\/h2>\n\t<div id=\"collapseaccordionItem95a1e1a1\" class=\"accordion-collapse collapse\" data-bs-parent=\"#accordionArouca\">\n\t\t<div class=\"accordion-body pt-2 px-0\">\n\t\t\t<p>No. En Aldeia da Castanheira encontrar\u00e1s Casa das Pedras Parideiras \u2013 Centro de Interpretaci\u00f3n que consta de las siguientes \u00e1reas: (i) Se muestra en el Abierto \u2013 un \u00e1rea de acceso libre y libre donde podr\u00e1s observar las Piedras Parideiras; (ii) Exposici\u00f3n cubierta \u2013 \u00c1rea de acceso libre, pero con acceso condicionado, si se realizan visitas guiadas en este Centro de Interpretaci\u00f3n. Aqu\u00ed tambi\u00e9n puedes observar las piedras que dan; (iii) Recepci\u00f3n y Almac\u00e9n - donde podr\u00e1 obtener informaci\u00f3n sobre las Piedras Parideiras y el Territorio Remanente de Arouca Geoparque, observar n\u00f3dulos de Piedras Parideiras y tambi\u00e9n comprar productos locales; (iv) Auditorio donde se enmarcan visitas guiadas, dando a conocer las piedras de Parideiras y\/o la historia del hombre en Arouca Geopark.<\/p>\t\t<\/div>\n\t<\/div>\n<\/div>\n<div style=\"padding: 2.5rem 0;\" class=\"border border-muted border-start-0 border-end-0\">\n\t<h2 style=\"cursor: pointer;\" class=\"text-primary title-collapsed d-flex justify-content-between fs-5 collapsed mb-0\" data-bs-toggle=\"collapse\" data-bs-target=\"#collapseaccordionItem95a1e1a2\" aria-expanded=\"true\" aria-controls=\"collapseaccordionItem95a1e1a2\">\n\t\t<span class=\"d-flex align-items-center\">\n\t\t\t\u00bfPuedo visitar libremente el GeoSite Pedras Parideiras?\t\t<\/span>\n\t\t<span class=\"icon-collapsed\">\n\t\t\t<i class=\"fa-solid fa-chevron-down\"><\/i>\n\t\t<\/span>\n\t<\/h2>\n\t<div id=\"collapseaccordionItem95a1e1a2\" class=\"accordion-collapse collapse\" data-bs-parent=\"#accordionArouca\">\n\t\t<div class=\"accordion-body pt-2 px-0\">\n\t\t\t<p>S\u00ed, puede visitar de forma aut\u00f3noma el \u00e1rea de exhibici\u00f3n al aire libre de las rocas. Le recomendamos que preste atenci\u00f3n al panel interpretativo del sitio y acceda a la informaci\u00f3n del geosite a trav\u00e9s del c\u00f3digo QR disponible en el indicador de identificaci\u00f3n del lugar. La entrada a la recepci\u00f3n de Casa das Pedras Parideiras, dentro de los horarios de apertura, es gratuita y aqu\u00ed encontrar\u00e1s m\u00e1s informaci\u00f3n sobre este fen\u00f3meno geol\u00f3gico.<\/p>\t\t<\/div>\n\t<\/div>\n<\/div>\n<div style=\"padding: 2.5rem 0;\" class=\"border border-muted border-start-0 border-end-0\">\n\t<h2 style=\"cursor: pointer;\" class=\"text-primary title-collapsed d-flex justify-content-between fs-5 collapsed mb-0\" data-bs-toggle=\"collapse\" data-bs-target=\"#collapseaccordionItem95a1e1a3\" aria-expanded=\"true\" aria-controls=\"collapseaccordionItem95a1e1a3\">\n\t\t<span class=\"d-flex align-items-center\">\n\t\t\t\u00bfPuedo visitar libremente el \u00e1rea de exhibici\u00f3n cubierta? \t\t<\/span>\n\t\t<span class=\"icon-collapsed\">\n\t\t\t<i class=\"fa-solid fa-chevron-down\"><\/i>\n\t\t<\/span>\n\t<\/h2>\n\t<div id=\"collapseaccordionItem95a1e1a3\" class=\"accordion-collapse collapse\" data-bs-parent=\"#accordionArouca\">\n\t\t<div class=\"accordion-body pt-2 px-0\">\n\t\t\t<p>Si se realizan visitas guiadas, el acceso al \u00e1rea de exposici\u00f3n cubierta puede estar condicionada temporalmente. Se permitir\u00e1 el acceso a esta \u00e1rea despu\u00e9s del final de la visita.<\/p>\t\t<\/div>\n\t<\/div>\n<\/div>\n<div style=\"padding: 2.5rem 0;\" class=\"border border-muted border-start-0 border-end-0\">\n\t<h2 style=\"cursor: pointer;\" class=\"text-primary title-collapsed d-flex justify-content-between fs-5 collapsed mb-0\" data-bs-toggle=\"collapse\" data-bs-target=\"#collapseaccordionItem95a1e1a4\" aria-expanded=\"true\" aria-controls=\"collapseaccordionItem95a1e1a4\">\n\t\t<span class=\"d-flex align-items-center\">\n\t\t\t\u00bfEs posible comprar piedras parentales en el Centro de Interpretaci\u00f3n?\t\t<\/span>\n\t\t<span class=\"icon-collapsed\">\n\t\t\t<i class=\"fa-solid fa-chevron-down\"><\/i>\n\t\t<\/span>\n\t<\/h2>\n\t<div id=\"collapseaccordionItem95a1e1a4\" class=\"accordion-collapse collapse\" data-bs-parent=\"#accordionArouca\">\n\t\t<div class=\"accordion-body pt-2 px-0\">\n\t\t\t<p>No. Este es un fen\u00f3meno geol\u00f3gico de relevancia internacional del Geoparque Arouca. As\u00ed, AGA \u2013 Associa\u00e7\u00e3o Geoparque Arouca se compromete a garantizar la salvaguarda de este patrimonio geol\u00f3gico. Advertimos que la venta de activos es un acto punible con una multa, bajo la legislaci\u00f3n nacional.<\/p>\t\t<\/div>\n\t<\/div>\n<\/div>\n<div style=\"padding: 2.5rem 0;\" class=\"border border-muted border-start-0 border-end-0\">\n\t<h2 style=\"cursor: pointer;\" class=\"text-primary title-collapsed d-flex justify-content-between fs-5 collapsed mb-0\" data-bs-toggle=\"collapse\" data-bs-target=\"#collapseaccordionItem95a1e1a5\" aria-expanded=\"true\" aria-controls=\"collapseaccordionItem95a1e1a5\">\n\t\t<span class=\"d-flex align-items-center\">\n\t\t\tMe muevo en silla de ruedas. \u00bfEs accesible Casa das Pedras Parideiras \u2013 Centro de Interpretaci\u00f3n?\t\t<\/span>\n\t\t<span class=\"icon-collapsed\">\n\t\t\t<i class=\"fa-solid fa-chevron-down\"><\/i>\n\t\t<\/span>\n\t<\/h2>\n\t<div id=\"collapseaccordionItem95a1e1a5\" class=\"accordion-collapse collapse\" data-bs-parent=\"#accordionArouca\">\n\t\t<div class=\"accordion-body pt-2 px-0\">\n\t\t\t<p>S\u00ed, se puede acceder a Casa das Pedras Parideiras (CPP). El acceso a la recepci\u00f3n y tienda se realiza desde la Varada del CPP. A su vez, el acceso al auditorio se realiza a trav\u00e9s de la Rua de Santo Ant\u00f3nio y la entrada por la puerta este del auditorio, requiriendo cierta asistencia, debido a la pendiente de la calle. Por lo tanto, recomendamos el contacto previo con nuestros servicios para brindarle el mejor apoyo a su visita.<\/p>\t\t<\/div>\n\t<\/div>\n<\/div>\n<div style=\"padding: 2.5rem 0;\" class=\"border border-muted border-start-0 border-end-0\">\n\t<h2 style=\"cursor: pointer;\" class=\"text-primary title-collapsed d-flex justify-content-between fs-5 collapsed mb-0\" data-bs-toggle=\"collapse\" data-bs-target=\"#collapseaccordionItem95a1e1a6\" aria-expanded=\"true\" aria-controls=\"collapseaccordionItem95a1e1a6\">\n\t\t<span class=\"d-flex align-items-center\">\n\t\t\t\u00bfPuedo acceder libremente al ba\u00f1o Casa das Pedras Parideiras? \t\t<\/span>\n\t\t<span class=\"icon-collapsed\">\n\t\t\t<i class=\"fa-solid fa-chevron-down\"><\/i>\n\t\t<\/span>\n\t<\/h2>\n\t<div id=\"collapseaccordionItem95a1e1a6\" class=\"accordion-collapse collapse\" data-bs-parent=\"#accordionArouca\">\n\t\t<div class=\"accordion-body pt-2 px-0\">\n\t\t\t<p>No. El acceso est\u00e1 restringido a aquellos que realizan visitas guiadas. Los ba\u00f1os p\u00fablicos m\u00e1s cercanos se encuentran en la zona de recreaci\u00f3n y ocio de Albergaria da Serra (40.865783, -8.277308) o Parque Merendas do Merujal (<u>40.871413, -8.288341).<\/u><\/p>\t\t<\/div>\n\t<\/div>\n<\/div>\n<div style=\"padding: 2.5rem 0;\" class=\"border border-muted border-start-0 border-end-0\">\n\t<h2 style=\"cursor: pointer;\" class=\"text-primary title-collapsed d-flex justify-content-between fs-5 collapsed mb-0\" data-bs-toggle=\"collapse\" data-bs-target=\"#collapseaccordionItem95a1e1a7\" aria-expanded=\"true\" aria-controls=\"collapseaccordionItem95a1e1a7\">\n\t\t<span class=\"d-flex align-items-center\">\n\t\t\t\u00bfCu\u00e1l es la pol\u00edtica de descuento en visitas guiadas y servicios de Casa das Pedras Parideiras y panor\u00e1mica del radar meteorol\u00f3gico de Arouca? \t\t<\/span>\n\t\t<span class=\"icon-collapsed\">\n\t\t\t<i class=\"fa-solid fa-chevron-down\"><\/i>\n\t\t<\/span>\n\t<\/h2>\n\t<div id=\"collapseaccordionItem95a1e1a7\" class=\"accordion-collapse collapse\" data-bs-parent=\"#accordionArouca\">\n\t\t<div class=\"accordion-body pt-2 px-0\">\n\t\t\t<p>Casa das Pedras Parideiras \u2013 Centro de Interpretaci\u00f3n es administrada por AGA \u2013 Associa\u00e7\u00e3o Geoparque Arouca, as\u00ed como las visitas guiadas del piso panor\u00e1mico del radar meteorol\u00f3gico de Arouca. Esta vez, en una reuni\u00f3n de la Direcci\u00f3n de AGA, descuentos para j\u00f3venes, mayores, familias, habitantes del municipio de Arouca (acompa\u00f1ados de comprobante de residencia), socios basados en el \u00e1rea de las Monta\u00f1as M\u00e1gicas y Titulares de Bonos (desde alojamiento de unidades asociadas de la AGA o distribuci\u00f3n dentro del \u00e1mbito de eventos o proyectos espec\u00edficos). Consulte la lista de precios actual y\/o p\u00f3ngase en contacto con nuestros servicios.<\/p>\t\t<\/div>\n\t<\/div>\n<\/div>\n<div style=\"padding: 2.5rem 0;\" class=\"border border-muted border-start-0 border-end-0\">\n\t<h2 style=\"cursor: pointer;\" class=\"text-primary title-collapsed d-flex justify-content-between fs-5 collapsed mb-0\" data-bs-toggle=\"collapse\" data-bs-target=\"#collapseaccordionItem95a1e1a8\" aria-expanded=\"true\" aria-controls=\"collapseaccordionItem95a1e1a8\">\n\t\t<span class=\"d-flex align-items-center\">\n\t\t\tMe muevo en silla de ruedas. \u00bfEs accesible el radar meteorol\u00f3gico Arouca - Suelos panor\u00e1micos?\t\t<\/span>\n\t\t<span class=\"icon-collapsed\">\n\t\t\t<i class=\"fa-solid fa-chevron-down\"><\/i>\n\t\t<\/span>\n\t<\/h2>\n\t<div id=\"collapseaccordionItem95a1e1a8\" class=\"accordion-collapse collapse\" data-bs-parent=\"#accordionArouca\">\n\t\t<div class=\"accordion-body pt-2 px-0\">\n\t\t\t<p>S\u00ed, durante las visitas guiadas, puede acceder al piso panor\u00e1mica del radar meteorol\u00f3gico de Arouca a trav\u00e9s del ascensor.<\/p>\t\t<\/div>\n\t<\/div>\n<\/div>\n<div style=\"padding: 2.5rem 0;\" class=\"border border-muted border-start-0 border-end-0\">\n\t<h2 style=\"cursor: pointer;\" class=\"text-primary title-collapsed d-flex justify-content-between fs-5 collapsed mb-0\" data-bs-toggle=\"collapse\" data-bs-target=\"#collapseaccordionItem95a1e1a9\" aria-expanded=\"true\" aria-controls=\"collapseaccordionItem95a1e1a9\">\n\t\t<span class=\"d-flex align-items-center\">\n\t\t\t\u00bfEs necesario hacer una cita para visitar el piso panor\u00e1mico del radar meteorol\u00f3gico de Arouca?\t\t<\/span>\n\t\t<span class=\"icon-collapsed\">\n\t\t\t<i class=\"fa-solid fa-chevron-down\"><\/i>\n\t\t<\/span>\n\t<\/h2>\n\t<div id=\"collapseaccordionItem95a1e1a9\" class=\"accordion-collapse collapse\" data-bs-parent=\"#accordionArouca\">\n\t\t<div class=\"accordion-body pt-2 px-0\">\n\t\t\t<p>S\u00ed. En temporada baja, las visitas se realizan solo con cita previa y para un grupo m\u00ednimo de 12 personas. En el per\u00edodo de verano se dispone de varios horarios de visita, que est\u00e1n limitados a 30 personas, por lo que debe programar su visita para asegurarse de que puede visitar esta infraestructura.<\/p>\t\t<\/div>\n\t<\/div>\n<\/div>\n<div style=\"padding: 2.5rem 0;\" class=\"border border-muted border-start-0 border-end-0\">\n\t<h2 style=\"cursor: pointer;\" class=\"text-primary title-collapsed d-flex justify-content-between fs-5 collapsed mb-0\" data-bs-toggle=\"collapse\" data-bs-target=\"#collapseaccordionItem95a1e1a10\" aria-expanded=\"true\" aria-controls=\"collapseaccordionItem95a1e1a10\">\n\t\t<span class=\"d-flex align-items-center\">\n\t\t\t\u00bfEs posible visitar el piso panor\u00e1mico del radar meteorol\u00f3gico de Arouca fuera del per\u00edodo de verano?\t\t<\/span>\n\t\t<span class=\"icon-collapsed\">\n\t\t\t<i class=\"fa-solid fa-chevron-down\"><\/i>\n\t\t<\/span>\n\t<\/h2>\n\t<div id=\"collapseaccordionItem95a1e1a10\" class=\"accordion-collapse collapse\" data-bs-parent=\"#accordionArouca\">\n\t\t<div class=\"accordion-body pt-2 px-0\">\n\t\t\t<p>S\u00ed, con cita previa, disponibilidad de servicios y para un m\u00ednimo de 12 personas. Ocasionalmente se realizan visitas tem\u00e1ticas\/interpretadas en las que pueden registrarse individualmente. Le sugerimos que se ponga en contacto con los servicios para obtener m\u00e1s informaci\u00f3n.<\/p>\t\t<\/div>\n\t<\/div>\n<\/div><\/div>\t\t\t\t<\/div>\n\t\t\t\t<\/div>\n\t\t\t\t\t<\/div>\n\t\t<\/div>\n\t\t\t\t\t<\/div>\n\t\t<\/section>\n\t\t\t\t<section class=\"elementor-section elementor-top-section elementor-element elementor-element-c425a79 elementor-section-full_width elementor-section-height-min-height elementor-section-content-middle elementor-section-stretched elementor-section-height-default elementor-section-items-middle\" data-id=\"c425a79\" data-element_type=\"section\" data-settings=\"{&quot;stretch_section&quot;:&quot;section-stretched&quot;,&quot;background_background&quot;:&quot;classic&quot;}\">\n\t\t\t\t\t\t<div class=\"elementor-container elementor-column-gap-default\">\n\t\t\t\t\t<div class=\"elementor-column elementor-col-100 elementor-top-column elementor-element elementor-element-b9aa447\" data-id=\"b9aa447\" data-element_type=\"column\">\n\t\t\t<div class=\"elementor-widget-wrap elementor-element-populated\">\n\t\t\t\t\t\t<div class=\"elementor-element elementor-element-2b1365a header-title elementor-widget elementor-widget-heading\" data-id=\"2b1365a\" data-element_type=\"widget\" data-widget_type=\"heading.default\">\n\t\t\t\t<div class=\"elementor-widget-container\">\n\t\t\t\t\t<h2 class=\"elementor-heading-title elementor-size-default\"><small>cumplir con el <\/small>Nuestra tienda en l\u00ednea<\/h2>\t\t\t\t<\/div>\n\t\t\t\t<\/div>\n\t\t\t\t\t<\/div>\n\t\t<\/div>\n\t\t\t\t\t<\/div>\n\t\t<\/section>\n\t\t\t\t<\/div>\n\t\t","protected":false},"excerpt":{"rendered":"<p>\u00bfCu\u00e1les son los horarios de apertura de Casa das Pedras Parideiras? Casa das Pedras Parideiras acoge a los visitantes y realiza visitas guiadas de lunes a domingo de 9:30 a 12:30 y de 14:00 a 17:00 horas. La hora de las \u00faltimas visitas guiadas (para un m\u00e1ximo de 30 personas) es a las 12:00 de [&hellip;]<\/p>\n","protected":false},"author":1,"featured_media":false,"parent":0,"menu_order":0,"comment_status":"closed","ping_status":"closed","template":"","meta":{"_acf_changed":false,"footnotes":""},"class_list":["post-2110","page","type-page","status-publish","hentry"],"acf":[],"yoast_head":"<!-- This site is optimized with the Yoast SEO plugin v25.7 - https:\/\/yoast.com\/wordpress\/plugins\/seo\/ -->\n<title>Preguntas frecuentes - Casa das Pedras Parideiras<\/title>\n<meta name=\"robots\" content=\"index, follow, max-snippet:-1, max-image-preview:large, max-video-preview:-1\" \/>\n<link rel=\"canonical\" href=\"https:\/\/aroucageopark.pt\/casa-das-pedras-parideiras\/es\/preguntas-frecuentes\/\" \/>\n<meta property=\"og:locale\" content=\"pt_PT\" \/>\n<meta property=\"og:type\" content=\"article\" \/>\n<meta property=\"og:title\" content=\"Preguntas frecuentes - Casa das Pedras Parideiras\" \/>\n<meta property=\"og:description\" content=\"\u00bfCu\u00e1les son los horarios de apertura de Casa das Pedras Parideiras? Casa das Pedras Parideiras acoge a los visitantes y realiza visitas guiadas de lunes a domingo de 9:30 a 12:30 y de 14:00 a 17:00 horas. La hora de las \u00faltimas visitas guiadas (para un m\u00e1ximo de 30 personas) es a las 12:00 de [&hellip;]\" \/>\n<meta property=\"og:url\" content=\"https:\/\/aroucageopark.pt\/casa-das-pedras-parideiras\/es\/preguntas-frecuentes\/\" \/>\n<meta property=\"og:site_name\" content=\"Casa das Pedras Parideiras\" \/>\n<meta property=\"article:modified_time\" content=\"2025-08-26T16:07:06+00:00\" \/>\n<meta name=\"twitter:card\" content=\"summary_large_image\" \/>\n<meta name=\"twitter:label1\" content=\"Tempo estimado de leitura\" \/>\n\t<meta name=\"twitter:data1\" content=\"5 minutos\" \/>\n<script type=\"application\/ld+json\" class=\"yoast-schema-graph\">{\"@context\":\"https:\/\/schema.org\",\"@graph\":[{\"@type\":\"WebPage\",\"@id\":\"https:\/\/aroucageopark.pt\/casa-das-pedras-parideiras\/es\/preguntas-frecuentes\/\",\"url\":\"https:\/\/aroucageopark.pt\/casa-das-pedras-parideiras\/es\/preguntas-frecuentes\/\",\"name\":\"Preguntas frecuentes - Casa das Pedras Parideiras\",\"isPartOf\":{\"@id\":\"https:\/\/aroucageopark.pt\/casa-das-pedras-parideiras\/#website\"},\"datePublished\":\"2025-08-26T16:06:47+00:00\",\"dateModified\":\"2025-08-26T16:07:06+00:00\",\"breadcrumb\":{\"@id\":\"https:\/\/aroucageopark.pt\/casa-das-pedras-parideiras\/es\/preguntas-frecuentes\/#breadcrumb\"},\"inLanguage\":\"pt-PT\",\"potentialAction\":[{\"@type\":\"ReadAction\",\"target\":[\"https:\/\/aroucageopark.pt\/casa-das-pedras-parideiras\/es\/preguntas-frecuentes\/\"]}]},{\"@type\":\"BreadcrumbList\",\"@id\":\"https:\/\/aroucageopark.pt\/casa-das-pedras-parideiras\/es\/preguntas-frecuentes\/#breadcrumb\",\"itemListElement\":[{\"@type\":\"ListItem\",\"position\":1,\"name\":\"In\u00edcio\",\"item\":\"https:\/\/aroucageopark.pt\/casa-das-pedras-parideiras\/\"},{\"@type\":\"ListItem\",\"position\":2,\"name\":\"Preguntas frecuentes\"}]},{\"@type\":\"WebSite\",\"@id\":\"https:\/\/aroucageopark.pt\/casa-das-pedras-parideiras\/#website\",\"url\":\"https:\/\/aroucageopark.pt\/casa-das-pedras-parideiras\/\",\"name\":\"Casa das Pedras Parideiras\",\"description\":\"Centro de Interpreta\u00e7\u00e3o\",\"potentialAction\":[{\"@type\":\"SearchAction\",\"target\":{\"@type\":\"EntryPoint\",\"urlTemplate\":\"https:\/\/aroucageopark.pt\/casa-das-pedras-parideiras\/?s={search_term_string}\"},\"query-input\":{\"@type\":\"PropertyValueSpecification\",\"valueRequired\":true,\"valueName\":\"search_term_string\"}}],\"inLanguage\":\"pt-PT\"}]}<\/script>\n<!-- \/ Yoast SEO plugin. -->","yoast_head_json":{"title":"Preguntas frecuentes - Casa das Pedras Parideiras","robots":{"index":"index","follow":"follow","max-snippet":"max-snippet:-1","max-image-preview":"max-image-preview:large","max-video-preview":"max-video-preview:-1"},"canonical":"https:\/\/aroucageopark.pt\/casa-das-pedras-parideiras\/es\/preguntas-frecuentes\/","og_locale":"pt_PT","og_type":"article","og_title":"Preguntas frecuentes - Casa das Pedras Parideiras","og_description":"\u00bfCu\u00e1les son los horarios de apertura de Casa das Pedras Parideiras? Casa das Pedras Parideiras acoge a los visitantes y realiza visitas guiadas de lunes a domingo de 9:30 a 12:30 y de 14:00 a 17:00 horas. La hora de las \u00faltimas visitas guiadas (para un m\u00e1ximo de 30 personas) es a las 12:00 de [&hellip;]","og_url":"https:\/\/aroucageopark.pt\/casa-das-pedras-parideiras\/es\/preguntas-frecuentes\/","og_site_name":"Casa das Pedras Parideiras","article_modified_time":"2025-08-26T16:07:06+00:00","twitter_card":"summary_large_image","twitter_misc":{"Tempo estimado de leitura":"5 minutos"},"schema":{"@context":"https:\/\/schema.org","@graph":[{"@type":"WebPage","@id":"https:\/\/aroucageopark.pt\/casa-das-pedras-parideiras\/es\/preguntas-frecuentes\/","url":"https:\/\/aroucageopark.pt\/casa-das-pedras-parideiras\/es\/preguntas-frecuentes\/","name":"Preguntas frecuentes - Casa das Pedras Parideiras","isPartOf":{"@id":"https:\/\/aroucageopark.pt\/casa-das-pedras-parideiras\/#website"},"datePublished":"2025-08-26T16:06:47+00:00","dateModified":"2025-08-26T16:07:06+00:00","breadcrumb":{"@id":"https:\/\/aroucageopark.pt\/casa-das-pedras-parideiras\/es\/preguntas-frecuentes\/#breadcrumb"},"inLanguage":"pt-PT","potentialAction":[{"@type":"ReadAction","target":["https:\/\/aroucageopark.pt\/casa-das-pedras-parideiras\/es\/preguntas-frecuentes\/"]}]},{"@type":"BreadcrumbList","@id":"https:\/\/aroucageopark.pt\/casa-das-pedras-parideiras\/es\/preguntas-frecuentes\/#breadcrumb","itemListElement":[{"@type":"ListItem","position":1,"name":"In\u00edcio","item":"https:\/\/aroucageopark.pt\/casa-das-pedras-parideiras\/"},{"@type":"ListItem","position":2,"name":"Preguntas frecuentes"}]},{"@type":"WebSite","@id":"https:\/\/aroucageopark.pt\/casa-das-pedras-parideiras\/#website","url":"https:\/\/aroucageopark.pt\/casa-das-pedras-parideiras\/","name":"Casa das Pedras Parideiras","description":"Centro de Interpreta\u00e7\u00e3o","potentialAction":[{"@type":"SearchAction","target":{"@type":"EntryPoint","urlTemplate":"https:\/\/aroucageopark.pt\/casa-das-pedras-parideiras\/?s={search_term_string}"},"query-input":{"@type":"PropertyValueSpecification","valueRequired":true,"valueName":"search_term_string"}}],"inLanguage":"pt-PT"}]}},"lang":"es","translations":{"es":2110,"pt":190,"en":1975},"pll_sync_post":[],"_links":{"self":[{"href":"https:\/\/aroucageopark.pt\/casa-das-pedras-parideiras\/wp-json\/wp\/v2\/pages\/2110","targetHints":{"allow":["GET"]}}],"collection":[{"href":"https:\/\/aroucageopark.pt\/casa-das-pedras-parideiras\/wp-json\/wp\/v2\/pages"}],"about":[{"href":"https:\/\/aroucageopark.pt\/casa-das-pedras-parideiras\/wp-json\/wp\/v2\/types\/page"}],"author":[{"embeddable":true,"href":"https:\/\/aroucageopark.pt\/casa-das-pedras-parideiras\/wp-json\/wp\/v2\/users\/1"}],"replies":[{"embeddable":true,"href":"https:\/\/aroucageopark.pt\/casa-das-pedras-parideiras\/wp-json\/wp\/v2\/comments?post=2110"}],"version-history":[{"count":7,"href":"https:\/\/aroucageopark.pt\/casa-das-pedras-parideiras\/wp-json\/wp\/v2\/pages\/2110\/revisions"}],"predecessor-version":[{"id":2121,"href":"https:\/\/aroucageopark.pt\/casa-das-pedras-parideiras\/wp-json\/wp\/v2\/pages\/2110\/revisions\/2121"}],"wp:attachment":[{"href":"https:\/\/aroucageopark.pt\/casa-das-pedras-parideiras\/wp-json\/wp\/v2\/media?parent=2110"}],"curies":[{"name":"wp","href":"https:\/\/api.w.org\/{rel}","templated":true}]}}